{"id":90,"date":"2019-10-07T10:28:59","date_gmt":"2019-10-07T08:28:59","guid":{"rendered":"https:\/\/businessschool.luiss.it\/osservatorio-ethos\/?page_id=90"},"modified":"2021-10-19T15:55:59","modified_gmt":"2021-10-19T13:55:59","slug":"ethos-stampa","status":"publish","type":"page","link":"https:\/\/businessschool.luiss.it\/osservatorio-ethos\/ethos-stampa\/","title":{"rendered":"Ethos | Stampa"},"content":{"rendered":"\n<h3 class=\"wp-block-heading\">Il meridione dal cafone al digitale <\/h3>\n\n\n\n<p><em>Sebastiano Maffettone, Corriere del Mezzogiorno, 18 Giugno 2021<\/em><\/p>\n\n\n\n<p>La letteratura del Mezzogiorno fa comprendere bene come in questo angolo di mondo si oscilli fra pessimismo di fondo e ribellismo disperante. <\/p>\n\n\n\n<p><\/p>\n\n\n\n<a class=\"button featured-links\" href=\"https:\/\/businessschool.luiss.it\/osservatorio-ethos\/wp-content\/uploads\/sites\/116\/2021\/02\/ilsole-maf-24-1-2021.pdf\" title=\"https:\/\/businessschool.luiss.it\/osservatorio-ethos\/wp-content\/uploads\/sites\/116\/2021\/09\/Corriere-del-Mezzogiorno-.pdf\">LEGGI L&#8217;ARTICOLO<\/a>\n\n\n\n<p><\/p>\n\n\n\n<h3 class=\"wp-block-heading\">Siamo come cappellai matti avvolti in una filosofia latente<\/h3>\n\n\n\n<p><em>Sebastiano Maffettone, Massimo Adinolfi, DopoDomani, 12 Giugno 2021<\/em><\/p>\n\n\n\n<p>Sembra interessante imterrogarsi su di una sorta di filosofia latente, non accademica, indubbiamente attuale anche se di difficile valutazione. Uno degli autori rappresentatiti di questa filosofia di tendenza, come potremmo definirla, \u00e8 Nick Land (autore di <em>Collasso<\/em>, pubblicato in Italia da Luiss University Press). Land ha iniziato il suo percorso con una serie di conferenze (poi pubblicate in un libro intitolato <em>Meltdown<\/em>, testo con musica) dedicate al rapporto fra filosofia e cibernetica.Queste suggestioni fungeranno poi da sfondo per la fondazione della Cybernetic culture research unit (Ccru). <\/p>\n\n\n\n<div class=\"wp-block-file\"><a href=\"https:\/\/businessschool.luiss.it\/osservatorio-ethos\/wp-content\/uploads\/sites\/116\/2021\/09\/Domani.pdf\">Domani<\/a><a href=\"https:\/\/businessschool.luiss.it\/osservatorio-ethos\/wp-content\/uploads\/sites\/116\/2021\/09\/Domani.pdf\" class=\"wp-block-file__button\" download>Download<\/a><\/div>\n\n\n\nhttps:\/\/businessschool.luiss.it\/osservatorio-ethos\/wp-content\/uploads\/sites\/116\/2021\/09\/Domani.pdf\n\n\n<div class=\"section-content has-offset-l-r-85\">\n<div class=\"fxr-between-center\">\n<h3>Stai ottenendo quello che meriti?<\/h3>\n<p><em>Sebastiano Maffettone, IlSole24Ore, 24 Gennaio 2021<\/em><\/p>\n<p>Miti contemporanei. Chi ha raggiunto obbiettivi nella vita pensa di esserseli meritati. L&#8217;analisi di Michael Sandel porta a una diversa conclusione: il vero successo \u00e8 l&#8217;eguaglianza.<\/p>\n<p>Michael J.&nbsp;Sandel insegna filosofia a Harward ed \u00e8 un public intellectual di fama mondiale.<\/p>\n<p><a class=\"button featured-links\" href=\"https:\/\/businessschool.luiss.it\/osservatorio-ethos\/wp-content\/uploads\/sites\/116\/2021\/02\/ilsole-maf-24-1-2021.pdf\">LEGGI L&#8217;ARTICOLO<\/a><\/p>\n<hr>\n<h3>Social privati, pubblici tab\u00f9. Cos\u00ec twitter ha zittito Trump<\/h3>\n<p><em>Sebastiano Maffettone, Corriere del Mezzogiorno,&nbsp;16&nbsp;Gennaio 2021<\/em><\/p>\n<p>\u00e8 una decisione che obbliga a riflettere su aspetti di etica e di diritto costituzionale. Il fatto che i social network possano influire sugli orientamenti politici dei cittadini \u00e8 noto ai pi\u00f9. A cominciare dalle stesse compagnie proprietarie dei social network.<\/p>\n<p><a class=\"button featured-links\" href=\"https:\/\/businessschool.luiss.it\/osservatorio-ethos\/wp-content\/uploads\/sites\/116\/2021\/02\/corr-mez-16-1-2021-maf.pdf\">LEGGI L&#8217;ARTICOLO<\/a><\/p>\n<hr>\n<h3>L&#8217;algoritmo che ci controlla in nome di interesse non nostri<\/h3>\n<p><em>Sebastiano Maffettone, Corriere del Mezzogiorno, 23&nbsp;Dicembre 2020<\/em><\/p>\n<p>Le tecnologie digitali, che erano nate per aiutarci, stanno espropriand0 in maniera sistemica sentimenti e valori. Il nuovo corso. Bisogna provare a costruire una teoria del cambiamento tecnologico di cui facciano parte valori etici e politici.<\/p>\n<p><a class=\"button featured-links\" href=\"https:\/\/businessschool.luiss.it\/osservatorio-ethos\/wp-content\/uploads\/sites\/116\/2021\/02\/cor-mez-23-12-2020-maf.pdf\">LEGGI L&#8217;ARTICOLO<\/a><\/p>\n<hr>\n<h3>L&#8217;etica a stelle e strisce<\/h3>\n<p><em>Sebastiano Maffettone, IlSole24Ore, 6 Novembre 2020<\/em><\/p>\n<p>Joseph Nye \u00e8 forse il pi\u00f9 illustre esperto di politica estera americana. Tra i suoi meriti specifici, l&#8217;invenzione della categoria soft power, che tutti usano oramai normalmente. Questo suo ultimo libro parla di presidenti USA, politica estera ed etica nel periodo che va da Roosvelt a Trump.<\/p>\n<p><a class=\"button featured-links\" href=\"https:\/\/businessschool.luiss.it\/osservatorio-ethos\/wp-content\/uploads\/sites\/116\/2020\/12\/ilsolemaff.pdf\">LEGGI L&#8217;ARTICOLO<\/a><\/p>\n<hr>\n<h3>Luiss, anno aperto con ospiti virtuali da tutto il mondo<\/h3>\n<p><em>Roberta Petronio, Corriere Roma, 15 Novembre 2020<\/em><\/p>\n<p>Voci e volti da tutto il mondo si passano il testimone sotto le insegne della Luiss.<\/p>\n<p><a class=\"button featured-links\" href=\"https:\/\/businessschool.luiss.it\/osservatorio-ethos\/wp-content\/uploads\/sites\/116\/2020\/11\/corr-15.11.pdf\">LEGGI L&#8217;ARTICOLO<\/a><\/p>\n<hr>\n<h3>Se il Mezzogiorno \u00e8 un problema nazionale<\/h3>\n<p><em>Sebastiano Maffettone, IlSole24Ore, 8 Ottobre 2020<\/em><\/p>\n<p>Il ritardo di sviluppo del Mezzogiorno non dipende dal Covid-19 come tutti sappiamo. Ma il momento di riflessione, che si \u00e8 aperto in questa fase di pandemia, pu\u00f2 essere utile per pensare sia sulle cause di questo ritardo, sia soprattutto sulle politiche che possano in un futuro non troppo lontano porvi rimedio.<\/p>\n<p><a class=\"button featured-links\" href=\"https:\/\/businessschool.luiss.it\/osservatorio-ethos\/wp-content\/uploads\/sites\/116\/2020\/11\/ilsole8.pdf\">LEGGI L&#8217;ARTICOLO<\/a><\/p>\n<hr>\n<h3>La tolleranza \u00e8 anche in questione geografica<\/h3>\n<p><em>Sebastiano Maffettone, IlSole24Ore,&nbsp; 1 Ottobre 2020<\/em><\/p>\n<p>Spaces of Tolerance, curato da Laura Bialasiewicz e Valentina Gentile, \u00e8 un libro intelligente su un tema attuale e controverso. Il tema in questione \u00e8 quello della tolleranza in contesti in cui convivono diverse culture e religioni.<\/p>\n<p><a class=\"button featured-links\" href=\"https:\/\/businessschool.luiss.it\/osservatorio-ethos\/wp-content\/uploads\/sites\/116\/2020\/11\/ilsole1.10.2020.pdf\">LEGGI L&#8217;ARTICOLO<\/a><\/p>\n<hr>\n<h3>Conte appeal&nbsp;starts to wane as Italy infections rise<\/h3>\n<p><em>Miles Johnson, Financial Times, 28 Ottobre 2020<\/em><\/p>\n<p>A year ago Prime Minister Giuseppe Conte was facing multiple domestic crises and in charge of an unstable government made up of two parties that had spent the previous five years bickering.<\/p>\n<p><a class=\"button featured-links\" href=\"https:\/\/businessschool.luiss.it\/osservatorio-ethos\/wp-content\/uploads\/sites\/116\/2020\/11\/fimamcial-times-28.pdf\">LEGGI L&#8217;ARTICOLO<\/a><\/p>\n<hr>\n<h3>Papa Francesco, l&#8217;Enciclica e la &#8220;politica di cui c&#8217;\u00e8 bisogno&#8221;<\/h3>\n<\/div>\n<p><em>Sebastiano Maffettone, Corriere del Mezzogiorno, 10 Ottobre 2020<\/em><\/p>\n<p>Ci sono nell&#8217;Enciclica passaggi e aspetti che ritornano, caratterizzando in qualche modo costantemente la mission che il Pontefice si \u00e8 dato, altri invece innovativi e altri invece a met\u00e0 strada.<\/p>\n<p><a class=\"button featured-links\" href=\"https:\/\/businessschool.luiss.it\/osservatorio-ethos\/wp-content\/uploads\/sites\/116\/2020\/11\/corr-mezz-28.10.2020-3.pdf\">LEGGI L&#8217;ARTICOLO<\/a><\/p>\n<hr>\n<div class=\"fxr-between-center\">\n<h3>Se a dominare \u00e8 la paura<\/h3>\n<p><em>Sebastiano Maffettone, IlSole24Ore, 18 Ottobre 2020<\/em><\/p>\n<p>Bisognerebbe trasformare la rabbia in protesta civile, senza volont\u00e0 di vendetta. Martha Nussbaum \u00e8 una protagonista affermata del dibattito sulle questioni di giustizia sociale oramai classico in teoria politica.<\/p>\n<p><a class=\"button featured-links\" href=\"https:\/\/businessschool.luiss.it\/osservatorio-ethos\/wp-content\/uploads\/sites\/116\/2020\/10\/Ilsole24.18.pdf\">LEGGI L&#8217;ARTICOLO<\/a><\/p>\n<hr>\n<h3>La lezione&nbsp;di Gandhi. Cosa resta per noi occidentali<\/h3>\n<p><em>Sebastiano Maffettone, Corriere del Mezzogiorno, 2 Ottobre 2020<\/em><\/p>\n<p>Oggi \u00e8 un giorno assai importante per tutti gli indiani. Il 2 ottobre \u00e8 infatti il giorno in cui \u00e8 nato Gandhi, che per gli indiani \u00e8 il Padre della Patria. Sono oramai parecchi anni che nella mia universit\u00e0, celebriamo questo giorno, invitando una personalit\u00e0 indiana (quest&#8217;anno l&#8217;evento non ci sar\u00e0 causa covid). E&#8217; un modo per sottolineare come il nascito gandhiano non riguardi solo il suo paese ma l&#8217;umanit\u00e0 intera.<\/p>\n<p><a class=\"button featured-links\" href=\"https:\/\/businessschool.luiss.it\/osservatorio-ethos\/wp-content\/uploads\/sites\/116\/2020\/10\/corr-mezz-2.ott_.pdf\">LEGGI L&#8217;ARTICOLO<\/a><\/p>\n<hr>\n<h3>Com&#8217;\u00e8 cambiata l&#8217;etica pubblica al tempo del covid nell&#8217; Osservatorio della Luiss<\/h3>\n<p><em>Igor Traboni, Avvenire, 1 Ottobre 2020<\/em><\/p>\n<p>Si celebra oggi a Roma il primo anniversario dell&#8217;Osservatorio Ethos della Luiss Business School fondato e diretta da Sebastiano Maffettone, professore di filosofia politica all&#8217;ateneo di Guido Carli.<\/p>\n<p><a class=\"button featured-links\" href=\"https:\/\/businessschool.luiss.it\/osservatorio-ethos\/wp-content\/uploads\/sites\/116\/2020\/10\/avvwnire-1-otto.pdf\">LEGGI L&#8217;ARTICOLO<\/a><\/p>\n<hr>\n<h3>A proposito di Saviano e del Pd<\/h3>\n<p><em>Sebastiano Maffettone, Corriere del Mezzogiorno, 12 Settembre 2020<\/em><\/p>\n<p>Roberto Saviano, il noto autore di Gomorra e paladino della Sinistra, ha di recente twittato ferocemente contro il Pd. Reo quest&#8217;ultimo- a suo dire- di essere del tutto inconsistente &#8220;vapore acqueo&#8221; \u00e8 l&#8217;espressione che adopera, nonch\u00e9 totalmente succobo del M5S.<\/p>\n<p><a class=\"button featured-links\" href=\"https:\/\/businessschool.luiss.it\/osservatorio-ethos\/wp-content\/uploads\/sites\/116\/2020\/09\/Corr-Mezz-12.9..pdf\">LEGGI L&#8217;ARTICOLO<\/a><\/p>\n<hr>\n<h3>La sfida epocale della cultura<\/h3>\n<p><em>Sebastiano Maffettone, Corriere del Mezzogiorno Puglia 21 Agosto 2020<\/em><\/p>\n<p>Mario Draghi nel recente discorso al Meeting di Rimini, ha distinto fra un &#8220;debito cattivo&#8221; e un &#8220;debito buono&#8221;. Semplificando al massimo, il primo ha lo sguardo volto all&#8217;indietro: serve a riparare i danni del Covid-19 e a distribuire i sussidi, mentre il secondo guarda al futuro: genera investimenti e punta sui giovani.<\/p>\n<p><a class=\"button featured-links\" href=\"https:\/\/businessschool.luiss.it\/osservatorio-ethos\/wp-content\/uploads\/sites\/116\/2020\/09\/Cor21.8.pdf\">LEGGI L&#8217;ARTICOLO<\/a><\/p>\n<hr>\n<h3>I &#8220;nipotini&#8221; (meridionali) di Hegel<\/h3>\n<p><em>Sebastiano Maffettone, Corriere del Mezzogiorno 27 Agosto 2020<\/em><\/p>\n<p>Il 27 agosto 1770 nasceva a Stoccarda in Germania Georg Wilhelm Friederich Hegel. Nel giornonin cui decorrono 250 anni dalla nascita sembra giusto ricordare quello che senza dubbio \u00e8 stato uno dei pi\u00f9 grandi filosofi di tutti i tempi. Hegel ha non solo formulato una sua versione del pensiero filosofico da cui \u00e8 difficile prescindere, ma ha anche aperto percorsi ineludibili per la filosofia contemporanea e influenzato come nessun altro la cultura italiana in generale e in specie quella napoletana e meridionale.<\/p>\n<p><a class=\"button featured-links\" href=\"https:\/\/\/businessschool.luiss.it\/osservatorio-ethos\/wp-uploads\/sites\/116\/2020\/09\/hegel-250-anni.pdf\">LEGGI L&#8217; ARTICOLO<\/a><\/p>\n<hr>\n<h3>Adattarsi alla nuove protesi (digitali)<\/h3>\n<p><em>Sebastiano Maffettone, IlSole24Ore, 12 Luglio 2020<\/em><\/p>\n<p>Ermanno Bencivenga firma storica del Domenicale. \u00e8 un saggista assai prolifico. I suoi scritti, acuti e brillanti, spaziano su tutto l&#8217;ambito filosofico, dalla storia alla filosofia del linguaggio, passando per l&#8217;estetica e la raccolta di aforismi. Il suo ultimo libro affronta in maniera originale la rivoluzione del digitale.<\/p>\n<p><a class=\"button featured-links\" href=\"https:\/\/businessschool.luiss.it\/osservatorio-ethos\/wp-content\/uploads\/sites\/116\/2020\/07\/ilsole14-12.7.2020.pdf\">LEGGI L&#8217;ARTICOLO<\/a><\/p>\n<hr>\n<h3><strong>Politically Correct o Gogna? Editoriale<\/strong><\/h3>\n<p><em>Sebastiano Maffettone, Corriere del Mezzogiorno, 10 Luglio 2020<\/em><\/p>\n<p>S\u00ec, s\u00ec lo so. Ci sono cose pi\u00f9 urgenti cui pensare. Dal Covid 19 che ancora non si dissolve alla crisi economica e alla tenuta del governo italiano.<\/p>\n<p><a class=\"button featured-links\" href=\"https:\/\/businessschool.luiss.it\/osservatorio-ethos\/wp-content\/uploads\/sites\/116\/2020\/07\/corriere-10.7.pdf\">LEGGI L&#8217;ARTICOLO<\/a><\/p>\n<hr>\n<h3>&nbsp;Politically Correct o Gogna?<\/h3>\n<p><em>Sebastiano Maffettone, Corriere del Mezzogiorno, 10 Luglio 2020<\/em><\/p>\n<p>S\u00ec, s\u00ec lo so. Ci sono cose pi\u00f9 urgenti cui pensare. Dal Covid 19 che ancora non si dissolve alla crisi economica e alla tenuta del governo italiano.<\/p>\n<p><a class=\"button featured-links\" href=\"https:\/\/businessschool.luiss.it\/osservatorio-ethos\/wp-content\/uploads\/sites\/116\/2020\/07\/cor10.7-2.pdf\">LEGGI L&#8217;ARTICOLO<\/a><\/p>\n<hr>\n<h3>Maffettone e il suo &#8220;Quarto Shock&#8221; il senso del limite nell&#8217;era covid<\/h3>\n<p><em>Claudio De<\/em> <em>Vincenti,<\/em> <em>Corriere del Mezzogiorno, 28 Giugno 2020<\/em><\/p>\n<p>&#8220;Copernico ci aveva informati che il nostro pianeta non era al centro dell&#8217;universo;&#8230;Darwin aveva spiegato che discendevamo dalle scimmie&#8230;<\/p>\n<p><a class=\"button featured-links\" href=\"https:\/\/businessschool.luiss.it\/osservatorio-ethos\/wp-content\/uploads\/sites\/116\/2020\/07\/de-vincenti-corriere-mezzogiorno.pdf\">LEGGI L&#8217;ARTICOLO<\/a><\/p>\n<hr>\n<h3>Questo nostro secolo cos\u00ec difficile da interpretare<\/h3>\n<p><em>Sebastiano Maffettone, IlSole24Ore Domenica, 21 Giugno 2020<\/em><\/p>\n<p>Corrado Ocone \u00e8 un prolifico saggista filosofico di formazione crociana. Una delle sue migliori qualit\u00e0, per\u00f2,&nbsp;sta proprio nella sua capacit\u00e0 di non rimanere chiuso nel suo orto e nella volont\u00e0 di spaziare in orizzonti pi\u00f9 vasti. Questo suo libro su <em>La chiave del secolo <\/em>\u00e8 un esempio perspicuo di quanto appena detto.<\/p>\n<p><a class=\"button featured-links\" href=\"https:\/\/businessschool.luiss.it\/osservatorio-ethos\/wp-content\/uploads\/sites\/116\/2020\/06\/Ilsole24ore.pdf\">LEGGI L&#8217;ARTICOLO<\/a><\/p>\n<hr>\n<h3>&nbsp;Il Re Leone e l&#8217;Etica Pubblica<\/h3>\n<p><em>Giancristiano Desiderio, Corriere della Sera, 8 Giugno 2020<\/em><\/p>\n<p>La nipotina di 5 anni del filosofo Sebastiano Maffettone ama la storia di Simba il Re Leone. La favola di morte, perdita caduta e riconquista della vita &#8220;normale&#8221; da parte del leoncino&nbsp;che diventa re&nbsp;piace, per\u00f2 anche al nonno. perch\u00e9 \u00e8 un racconto&nbsp;esemplare per intendere la condizione umana.<\/p>\n<p><a class=\"button featured-links\" href=\"https:\/\/businessschool.luiss.it\/osservatorio-ethos\/wp-content\/uploads\/sites\/116\/2020\/06\/recensione-Corriere.pdf\">LEGGI L&#8217;ARTICOLO<\/a><\/p>\n<hr>\n<h3>Costruire il dopo pandemia<\/h3>\n<p><em>Sebastiano Maffettone, Civilt\u00e0 del Lavoro, 1 Aprile 2020<\/em><\/p>\n<p>La crisi mette sul banco degli imputati la globalizzazione per come fino ad oggi l&#8217;abbiamo praticata. Senza una risposta basata sull&#8217;etica pubblica e sulla sostenibilit\u00e0, potrebbero tornare in auge movimenti reazionari e autarchici. Il rischio \u00e8 un ulteriore impoverimento economico e culturale.<\/p>\n<p><a class=\"button featured-links\" href=\"https:\/\/businessschool.luiss.it\/osservatorio-ethos\/wp-content\/uploads\/sites\/116\/2020\/06\/Civilt\u00e0-del-lavoro-1-4-2020.pdf\">LEGGI L&#8217;ARTICOLO<\/a><\/p>\n<hr>\n<h3>Il&nbsp;Quarto Shock del virus e i cambiamenti del mondo<\/h3>\n<p><em>Corriere del&nbsp;Mezzogiorno, 30 Maggio 2020<\/em><\/p>\n<p>Dopo una prima uscita in digitale, arriva in libreria dal 4 giugno &#8220;Il Quarto Shock. Come un virus ha cambiato il mondo&#8221;, il nuovo saggio di Sebastiano Maffettone, con prefazione di Giovanni Lo Storto.<\/p>\n<p><a class=\"button featured-links\" href=\"https:\/\/businessschool.luiss.it\/osservatorio-ethos\/wp-content\/uploads\/sites\/116\/2020\/06\/Il4shock30.5.2020.pdf\">LEGGI L&#8217;ARTICOLO<\/a><\/p>\n<hr>\n<h3>L&#8217;algoritmo di Giordano Bruno<\/h3>\n<p><em>Michele Ciliberto, Sebastiano Maffettone, 30 Maggio 2020<\/em><\/p>\n<p>Oggi, come potete vedere dall&#8217;annuncio pubblicato qui a fianco, si svolger\u00e0 in modalit\u00e0 telematica si svolger\u00e0 l&#8217;inaugurazione del nuovo corso della Fondazione Parco Letterario Giordano Bruno.<\/p>\n<p><a class=\"button featured-links\" href=\"https:\/\/businessschool.luiss.it\/osservatorio-ethos\/wp-content\/uploads\/sites\/116\/2020\/06\/Fondazione-Bruno-30.5.2020.pdf\">LEGGI L&#8217;ARTICOLO <\/a><\/p>\n<hr>\n<h3>Si inaugura il corso della Fondazione Giordano Bruno<\/h3>\n<p><em>IlSole24Ore Domenica, 24 Maggio 2020<\/em><\/p>\n<p>30 Maggio. Si svolger\u00e0 dalle ore 10 in modalit\u00e0 telematica l&#8217;inaugurazione del nuovo corso della Fondazione Parco Letterario Giordano Bruno presieduta da Sebastiano Maffettone.<\/p>\n<p><a class=\"button featured-links\" href=\"https:\/\/businessschool.luiss.it\/osservatorio-ethos\/wp-content\/uploads\/sites\/116\/2020\/05\/ilsole24ore.bruno_.pdf\">LEGGI L&#8217;ARTICOLO <\/a><\/p>\n<hr>\n<h3>Maffettone: lo shock covid potrebbe cambiare il mondo<\/h3>\n<p><em>Mirella Armiero, Corriere del Mezzogiorno, 21 Maggio 2020<\/em><\/p>\n<p>&#8220;Ho provato a fotografare la realt\u00e0 e a capire, hegelianamente, il mio tempo col pensiero&#8221;. Non siamo ancora usciti dalla pandemia e Sebastiano Maffettone ha gi\u00e0 dato alle stampe un acuto saggio intitolato<em> Il quarto shock. Come un virus ha cambiato il mondo <\/em>per le edizioni della Luiss. Un tentativo di riflettere su quello che sta accadendo in questi mesi e che secondo il filosofo napoletano \u00e8 un evento che potrebbe&nbsp;realmente modificare l&#8217;attuale assetto globale.<\/p>\n<p><a class=\"button featured-links\" href=\"https:\/\/businessschool.luiss.it\/osservatorio-ethos\/wp-content\/uploads\/sites\/116\/2020\/05\/corriere21.pdf\">LEGGI L&#8217;ARTICOLO<\/a><\/p>\n<hr>\n<h3>Pandemia e Responsabilit\u00e0 Sociale d&#8217;Impresa<\/h3>\n<p><em>Valentina Gentile, Luiss Open, 16 maggio<\/em><\/p>\n<p>Uno degli aspetti pi\u00f9 evidenti della crisi sanitaria globale collegata al Covid-19, riguarda l&#8217;impatto che questa sta avendo e avr\u00e0 sui nostri sistemi economici e sugli aspetti sociali preesistenti. La dimensione e la complessit\u00e0 della crisi lasciano presagire un crollo dei PIL nazionali e&nbsp;una crescita dell&#8217;indebitamento pubblico.<\/p>\n<h3>&nbsp;<\/h3>\n<hr>\n<h3>La Fondazione Cineteca di Milano in streaming gratuito<\/h3>\n<p><em>Maria Laudiero, IlSole24Ore, 5 maggio 2020<\/em><\/p>\n<p>Ingmar Bergman sosteneva che &#8220;non c&#8217;\u00e8 nessuna forma d&#8217;arte come il cinema per colpire la coscienza, scuotere le emozioni e raggiungere le segrete stanze dell&#8217;anima&#8221;. Probabilmente facendo tesoro di questi insegnamenti, &nbsp;la Fondazione Cineteca di Milano ha deciso di&nbsp;proporre in streaming gratuito il ricchissimo archivio.<\/p>\n<p>https:\/\/www.ilsole24ore.com\/art\/la-fondazione-cinetecea-milano-streaming-gratuito-ADqLN3F<\/p>\n<hr>\n<h3>Anche una macchina ha ua sua morale<\/h3>\n<p><em>Sebastiano Maffettone, IlSole24Ore, 26 aprile 2020<\/em><\/p>\n<p>Guglielmo Tamburrini, insegna Filosofia della scienza e della tecnica presso l&#8217;Universit\u00e0 Federico II di Napoli in un dipartimento di ingegneria elettrica e di&nbsp;tecnologie&nbsp;dell&#8217;informazione. Che ci sia un insegnamento di filosofia in un dipartimento del genere \u00e8 gi\u00e0 di per s\u00e9 un segno positivo.<\/p>\n<p><a class=\"button featured-links\" href=\"https:\/\/businessschool.luiss.it\/osservatorio-ethos\/wp-content\/uploads\/sites\/116\/2020\/04\/tamburrini-sole-1.pdf\">LEGGI L&#8217;ARTICOLO<\/a><\/p>\n<hr>\n<h3>Luciano Pellicani ricordato e raccontato da Sebastiano Maffettone a Uno Mattina<\/h3>\n<\/div>\n<div class=\"vid\">&nbsp;<\/div>\n<div class=\"fxr-between-center\">\n<hr>\n<h3>Paura del virus e dell&#8217;isolamento. Gli anziani e la nuova vita in casa.<\/h3>\n<p><em>P.Co. Corriere della Sera, 14 aprile 2020<\/em><\/p>\n<p>I cittadini anziani dell&#8217;Ue potrebbero dover rimanere in isolamento o limitare i contatti &#8220;sino alla fine dell&#8217;anno&#8221; per evitare il rischio di contrarre il coronavirus.<\/p>\n<p><a class=\"button featured-links\" href=\"https:\/\/businessschool.luiss.it\/osservatorio-ethos\/wp-content\/uploads\/sites\/116\/2020\/04\/p.co-corriere-14.4.2020.pdf\">LEGGI L&#8217;ARTICOLO<\/a><\/p>\n<hr>\n<h3>Le idee prima di tutto. Ricordo di Luciano Pellicani (1939-2020)<\/h3>\n<p><em>Sebastiano Maffettone, Open Luiss, 11 aprile 2020<\/em><\/p>\n<p>Luciano Pellicani se ne \u00e8 andato. Il sabato di Pasqua. Solo e silenzioso, come era nel suo carattere. Che era ispido, spesso addirittura brusco, ma capace di amore e di affetti. Di chiusure talvolta dure ma anche di aperture e slanci sorprendenti. Non lo ho detto per prima cosa perch\u00e9 chiunque legge queste pagine lo sa o dovrebbe saperlo: Luciano era un professore Luiss ora Emerito, un grande intellettuale, un pensatore profondo, un insegnante ineguagliabile. Lo ho conosciuto una vita fa, saranno passati quasi quaranta anni. Lo ammiravo gi\u00e0 da allora, ma non lo ho conosciuto per questo.<\/p>\n<hr>\n<h3>Cambiare le opinioni quando cambiano i fatti.<\/h3>\n<p><em>Sebastiano Maffettone, Il Sole 24 Ore, 5 aprile 2020<\/em><\/p>\n<p>Per Tony Judt (1948-2010, grande intellettuale e storico, confesso di avere sempre avuto un debole. Il suo libro <em>Postwar <\/em>\u00e8 un grande manifesto eretto alla capacit\u00e0 di ricostruzione dell&#8217;Europa dopo il 1945, che si pu\u00f2 bel leggere oggi anche con il pensiero rivolto al futuro dopo il coronavirus.<\/p>\n<p><a class=\"button featured-links\" href=\"https:\/\/businessschool.luiss.it\/osservatorio-ethos\/wp-content\/uploads\/sites\/116\/2020\/04\/Maffettone-IlSole24Ore.5.4.2020.pdf\">LEGGI L&#8217;ARTICOLO<\/a><\/p>\n<hr>\n<h3>Maffettone guida il Parco Letterario Giordano Bruno.<\/h3>\n<p><em>Corriere della Sera, 2&nbsp;aprile 2020<\/em><\/p>\n<p>Sebastiano Maffettone direttore Ethos Luiss Business School, \u00e8 il nuovo Presidente della Fondazione Parco Letterario Giordano Bruno di Nola in provincia di Napoli.<\/p>\n<p><a class=\"button featured-links\" href=\"https:\/\/businessschool.luiss.it\/osservatorio-ethos\/wp-content\/uploads\/sites\/116\/2020\/04\/comunicato-F-Bruno-Corsera.pdf\">LEGGI L&#8217;ARTICOLO<\/a><\/p>\n<hr>\n<h3>Che cosa nasconde l&#8217;ondata populista.<\/h3>\n<p><em>Sebastiano Maffettone, Il Sole24 Ore, 29 marzo 2020<\/em><\/p>\n<p><em>La rivolta anti-liberale <\/em>di Ivan Krastev e Stephen Holmes \u00e8 un libro con vocazione divulgativa di due notevoli studiosi.<\/p>\n<p><a class=\"button featured-links\" href=\"https:\/\/businessschool.luiss.it\/osservatorio-ethos\/wp-content\/uploads\/sites\/116\/2020\/04\/krastev-holmes-sole.pdf\">LEGGI L&#8217;ARTICOLO<\/a><\/p>\n<hr>\n<h3>Tutti i parenti stretti dell&#8217;anarchismo.<\/h3>\n<p><em>Sebastiano Maffettone, Il Sole24 Ore, 15 marzo 2020<\/em><\/p>\n<p>Con la curatela, preceduta da un pregevole saggio introduttivo, di <em>Eterotopie Anarchive <\/em>Salvo Vaccaro continua la sua opera di sofisticato approfondimento e insieme di divulgazione del pensiero anarchico.<\/p>\n<p><a class=\"button featured-links\" href=\"https:\/\/businessschool.luiss.it\/osservatorio-ethos\/wp-content\/uploads\/sites\/116\/2020\/03\/ilsole24ore.Maffettone.15.3.2020.pdf\">LEGGI L&#8217;ARTICOLO <\/a><\/p>\n<hr>\n<h3>&#8221; Foucault, Derrida e la filosofia made in Oriente&#8221;.<\/h3>\n<p><em>Ugo Cundari, Il Mattino,&nbsp;7&nbsp;marzo 2020<\/em><\/p>\n<p>Sebastiano Maffettone ordinario di Filosofia Politica alla Luiss, tra i massimi studiosi di giustizia sociale e a lungo consigliere alla Cultura della Regione Campania, ha compendiato la sua visione del pensiero occidentale e orientale in Politica (Le Monnier, pag 692 Euro 48).<\/p>\n<p><a class=\"button featured-links\" href=\"https:\/\/businessschool.luiss.it\/osservatorio-ethos\/wp-content\/uploads\/sites\/116\/2020\/03\/Il-Mattino-Intervista-Prof.-Maffettone-7.3.2020.pdf\">LEGGI L&#8217;ARTICOLO <\/a><\/p>\n<hr>\n<h3>La teoria politica guarda a Oriente.<\/h3>\n<p><em>Giancarlo Bosetti,&nbsp;Robinson La Repubblica, 29 febbraio 2020<\/em><\/p>\n<p>Nel suo ultimo saggio Sebastiano Maffettone confronta il liberalismo con le idee dei grandi pensatori asiatici. Il pensiero politico occidentale di ispirazione liberal-democratico deve misurarsi con alcuni enormi ostacoli, forse insuperabili, e cercare nuove risorse attraverso il confronto con altre tradizioni di pensiero.<\/p>\n<p><a class=\"button featured-links\" href=\"https:\/\/businessschool.luiss.it\/osservatorio-ethos\/wp-content\/uploads\/sites\/116\/2020\/03\/La-Rep-Robinson-Maffettone.pdf\">LEGGI L&#8217;ARTICOLO <\/a><\/p>\n<hr>\n<h3>La paura e l&#8217;etica pubblica.<\/h3>\n<p><em>Sebastiano Maffettone, Corriere del Mezzogiorno, 26 febbraio 2020<\/em><\/p>\n<p>&#8220;La vita \u00e8 una malattia mortale a trasmissione sessuale&#8221;.&nbsp;E&#8217;&nbsp;una delle definizioni pi\u00f9 argute, anche se non delle pi\u00f9 allegre dell&#8217;umana avventura. Che \u00e8, per fortuna nostra, non solo questo ma tante altre cose ancora.<\/p>\n<p><a class=\"button featured-links\" href=\"https:\/\/businessschool.luiss.it\/osservatorio-ethos\/wp-content\/uploads\/sites\/116\/2020\/02\/maffettone-corriere-mezzogiorno-26.2.2020.pdf\">LEGGI L&#8217;ARTICOLO <\/a><\/p>\n<hr>\n<h3>Se davvero gli affari hanno un&#8217;etica<\/h3>\n<p><em>Sebastiano Maffettone, IlSole24Ore,&nbsp;23 febbraio 2020<\/em><\/p>\n<p><em>Economia della consapevolezza <\/em>di Niccol\u00f2 Branca \u00e8 un libro sulla affascinante, controverso, affatto peculiare e molto legato alla figura dell&#8217;autore. Per capirne la portata, bisogna per\u00f2 fare un passo indietro&nbsp;e risalire alle origini nel nostro paese di quella che comunemente si chiama <em>business ethics <\/em>(l&#8217;equivalente italiana &#8220;etica degli affari&#8221;non piace).<\/p>\n<p><a class=\"button featured-links\" href=\"https:\/\/businessschool.luiss.it\/osservatorio-ethos\/wp-content\/uploads\/sites\/116\/2020\/02\/Maffettone-IlSole24Ore.23.2.2020-2.pdf\">LEGGI L&#8217;ARTICOLO <\/a><\/p>\n<hr>\n<h3>La questione morale dell&#8217;insegnamento<\/h3>\n<p><i>Sebastiano Maffettone, Corriere del Mezzogiorno, 19 febbraio 2020<\/i><\/p>\n<p>La vicenda \u00e8 nelle sue linee essenziali gi\u00e0 nota ai nostri lettori. Un professore di una nota istituzione accademica napoletana \u00e8 stato accusato di abuso sessuale da una sua studentessa, e perci\u00f2 \u00e8 sospeso dall&#8217;incarico. Il professore stesso si \u00e8 difeso sostenendo di non aver commesso alcun abuso o violenza. Si sarebbe trattato,a parer suo, di una relazione volontaria e pienamente accettata dalla ragazza. Nel merito, come \u00e8 ovvio, decider\u00e0 la magistratura. Resta un problema non legale, che potremmo definire di ordine morale e professionale, tutt&#8217;altro che banale: si possono avere relazioni sessuali con una studentessa &#8211; o uno studente &#8211; che frequenta l&#8217;istituzione dove tu insegni anche se costei o costui \u00e8 d&#8217;accordo?<\/p>\n<p><a class=\"button featured-links\" href=\"https:\/\/businessschool.luiss.it\/osservatorio-ethos\/wp-content\/uploads\/sites\/116\/2020\/02\/Maffettone-Corriere-del-Mezzogiorno-19.2.2020.pdf\"> LEGGI L&#8217;ARTICOLO <\/a><\/p>\n<hr>\n<h3>Gli errori di Macry e de Giovanni<\/h3>\n<p><i>Sebastiano Maffettone, Corriere del Mezzogiorno, 5 febbraio 2020<\/i><\/p>\n<p>Correva l&#8217;anno di grazia 1965, e io scrivevo per la rubrica (pomposamente) chiamata &#8220;Cultura e Societ\u00e0&#8221; del giornale studentesco del Liceo Umberto. Era un mondo diverso, cosa di certo non sorprendente da quello di oggi. La televisione era giovane e non c&#8217;era il web. Nell&#8217;aria si udiva l&#8217;eco tanto di Benedetto Croce che di Padre Pio.<\/p>\n<p><a class=\"button featured-links\" href=\"https:\/\/businessschool.luiss.it\/osservatorio-ethos\/wp-content\/uploads\/sites\/116\/2020\/02\/CORRIERE-DEL-MEZZOGIORNO-Maffettone.pdf\">LEGGI L&#8217;ARTICOLO <\/a><\/p>\n<hr>\n<h3>Il sogno (o l&#8217;incubo) di una democrazia digitale<\/h3>\n<p><i>Sebastiano Maffettone, Corriere della Sera, 27 gennaio&nbsp;2020<\/i><\/p>\n<p>Ci sono molti modi e diversi per dare maggior peso all&#8217;opinione pubblica allo scopo di operare la legittimazione perduta dai sistemi democratici.&nbsp; Uno di questi \u00e8 quello basato sulla democrazia digitale.&nbsp; E&#8217; lecito infatti pensare che il mutamento di struttura produttiva, di modi di pensare, di relazioni interpersonali, e in sostanza di ontologia, causata dalla digitalizzazione progressiva del mondo possa avere anche conseguenze politiche.<\/p>\n<p><a class=\"button featured-links\" href=\"https:\/\/businessschool.luiss.it\/osservatorio-ethos\/wp-content\/uploads\/sites\/116\/2020\/01\/Corriere-della-Sera.-Prof.-Maffettone-27.1.2020.pdf\">LEGGI L&#8217;ARTICOLO <\/a><\/p>\n<hr>\n<h3>Quale liberalismo per la sinistra<\/h3>\n<p><i>Domenico Melidoro, Il Mulino, 28 gennaio&nbsp;2020<\/i><\/p>\n<p>Quando politici e osservatori pensano alla sinistra, alla sua crisi e ai modi per uscirne, ricorrono perlomeno a due strategie.<br>La prima si propone di elaborare una prospettiva post-ideologica e al passo coi tempi, facendo spesso ricorso a concetti e<br>parole d\u2019ordine che un tempo erano utilizzate nel campo avversario.<\/p>\n<p><a class=\"button featured-links\" href=\"https:\/\/businessschool.luiss.it\/osservatorio-ethos\/wp-content\/uploads\/sites\/116\/2020\/01\/La-rivista-il-Mulino_-Quale-liberalismo-per-la-sinistra_.pdf\">LEGGI L&#8217;ARTICOLO <\/a><\/p>\n<hr>\n<h3>Per criticare Rawls serve pi\u00f9 spessore<\/h3>\n<p><i>Sebastiano Maffettone, Il Sole 24 Ore Domenica, 12&nbsp;gennaio&nbsp;2020<\/i><\/p>\n<p>Katrine Forrester, assistant professor di government and social studies ad Harvard, ha scritto un libro lungo e ben documentato &nbsp;sulla storia della filosofia politica contemporanea. Il libro, intitolato In The Shadow of Justice, parte dall&#8217;assunto che dal dopoguerra in poi la filosofia politica si sia mossa alla ricerca di un paradigma dominante che potesse colmare il vuoto aperto dalla &#8220;fine delle ideologie&#8221;. Che abbia trovato poi questo paradigma dal 1971, l&#8217;anno in cui \u00e8 stato pubblicato A Theory of Justice John Rawls. Si tratta come \u00e8 noto ai lettori di queste cose, di un paradigma liberale egualitario.<\/p>\n<p><a class=\"button featured-links\" href=\"https:\/\/businessschool.luiss.it\/osservatorio-ethos\/wp-content\/uploads\/sites\/116\/2020\/01\/IlSole24Ore-Sebastiano-Maffettone-12.1.2020.pdf\">LEGGI L&#8217;ARTICOLO <\/a><\/p>\n<hr><\/div>\n<\/div>\n<h3>Finalmente l&#8217;uomo giusto al posto giusto. Ed era ora<\/h3>\n<div class=\"section-content has-offset-l-r-85\">\n<div class=\"fxr-between-center\">\n<p><em>Sebastiano Maffettone, Corriere del Mezzogiorno, 29 dicembre 2019<\/em><\/p>\n<p>&#8220;Sento gli avversi numi&#8230;&#8221; dice il poeta. Io, che sono pi\u00f9 terra terra, da un po&#8217; di tempo percepivo un&#8217;aria di sfiga che sovrastava la mia testa.<\/p>\n<p><a class=\"button featured-links\" href=\"https:\/\/businessschool.luiss.it\/osservatorio-ethos\/wp-content\/uploads\/sites\/116\/2019\/12\/manfredi-correre-mez-1.pdf\">LEGGI L&#8217;ARTICOLO <\/a><\/p>\n<hr>\n<h3>Diritti, educazione, libert\u00e0: oggi. Il convegno a Roma<\/h3>\n<p><em>Stream24 Il Sole 24 Ore.com, 10 dicembre 2019<\/em><\/p>\n<p>Nella Dichiarazione universale dei diritti umani, educazione e libert\u00e0 sono i pilastri per lo sviluppo dell&#8217;individuo nella sua totalit\u00e0 e all&#8217;interno della societ\u00e0.<\/p>\n<p><a class=\"button featured-links\" href=\"https:\/\/businessschool.luiss.it\/osservatorio-ethos\/wp-content\/uploads\/sites\/116\/2019\/12\/IlSole24ore-10.12.2019.pdf\">LEGGI L&#8217;ARTICOLO&nbsp;<\/a><\/p>\n<hr>\n<h3>Come \u00e8 difficile definire il diritto alla privacy<\/h3>\n<p><em>Sebastiano Maffettone, Corriere della Sera, 6 dicembre 2019<\/em><\/p>\n<p>Tik Tok \u00e8 una app cinese. Pare che la vedano circa un miliardo di persone. I video propinati dall&#8217;app in questione durano cicra 15 secondi. Il loro contenuto dal punto di vista intellettuale \u00e8 di media deprimente. Ma come \u00e8 naturale ci sono eccezioni.<\/p>\n<p><a class=\"button featured-links\" href=\"https:\/\/businessschool.luiss.it\/osservatorio-ethos\/wp-content\/uploads\/sites\/116\/2019\/12\/Maffettone-Corriere-6.9.2019.pdf\"> LEGGI L&#8217;ARTICOLO&nbsp;<\/a><\/p>\n<hr>\n<h3>Il libro di Maffettone al Museo Madre<\/h3>\n<p><em>Elena Scarici, Corriere del mezzogiorno, 1 dicembre 2019<\/em><\/p>\n<p>&#8220;Basta con i litigi fra le Istituzioni, bisogna lavorare insieme per il bene comune&#8230;&#8221;<\/p>\n<p><a class=\"button featured-links\" href=\"https:\/\/businessschool.luiss.it\/osservatorio-ethos\/wp-content\/uploads\/sites\/116\/2019\/12\/Maffettone-Corriere-Mezzogiorno-1.9.2019.pdf\"><br>LEGGI L&#8217;ARTICOLO&nbsp;<\/a><\/p>\n<hr>\n<h3>Regione e comune ora leader adeguati<\/h3>\n<p><em>Luigi Roano, Il Mattino. 1 dicembre 2019<\/em><\/p>\n<p>&#8220;Regioni e Comuni ora leader adeguati&#8221;<\/p>\n<p><a class=\"button featured-links\" href=\"https:\/\/businessschool.luiss.it\/osservatorio-ethos\/wp-content\/uploads\/sites\/116\/2019\/12\/Maffettone-Il-Mattino-1.9.2019.pdf\">LEGGI L&#8217;ARTICOLO&nbsp;<\/a><\/p>\n<hr>\n<h3>Italy falls in love with civil marriage<\/h3>\n<p><em>Tom Kington, The Times, 22 novembre 2019<\/em><\/p>\n<p>The tradition of a church weddings with bells, choristers and relatives packed into pews is fading in Italy where civil cerimonies have overtaken religious marriages for the first time.<\/p>\n<p><a class=\"button featured-links\" href=\"https:\/\/businessschool.luiss.it\/osservatorio-ethos\/wp-content\/uploads\/sites\/116\/2019\/11\/Maffettone-The-Times-22.11.2019.pdf\">LEGGI L&#8217;ARTICOLO&nbsp;<\/a><\/p>\n<hr>\n<h3>A Maffettone il Premio Luiss Business<\/h3>\n<p><em>Corriere del mezzogiorno, 17 novembre 2019<\/em><\/p>\n<p>Il Professore Sebastiano Maffettone direttore Osservatorio Ethos ha ricevuto il premio Unesco per la Bioetica.<\/p>\n<p><a class=\"button featured-links\" href=\"https:\/\/businessschool.luiss.it\/osservatorio-ethos\/wp-content\/uploads\/sites\/116\/2019\/11\/17.11.2019-Ethos.Maffettone-Corriere-del-Mezzogiorno.pdf\"><br>LEGGI L&#8217;ARTICOLO&nbsp;<\/a><\/p>\n<hr>\n<h3>Disobbedire ha sempre un prezzo<\/h3>\n<p><em>Sebastiano Maffettone, Corriere del mezzogiorno, 8 novembre 2019&nbsp;<\/em><\/p>\n<p>La crisi del Napoli Calcio&nbsp;\u00e8 chiara alla luce dei risultati e dei confronti degli ultimi anni.<\/p>\n<p><a class=\"button featured-links\" href=\"https:\/\/businessschool.luiss.it\/osservatorio-ethos\/wp-content\/uploads\/sites\/116\/2019\/11\/corriere.maffettone.8.11.2019.pdf\">LEGGI L&#8217;ARTICOLO&nbsp;&nbsp;<\/a><\/p>\n<hr>\n<h3>La (nuova) distinzione tra destra e sinistra<\/h3>\n<p><em>Sebastiano Maffettone, Corriere della Sera, 30 ottobre 2019&nbsp;<\/em><\/p>\n<p>I Cinque Stelle dicono che la differenza non esiste pi\u00f9 e il clima generale sembra confermarlo. Non \u00e8 cos\u00ec, tuttavia effettivamente qualcosa \u00e8 cambiato.<\/p>\n<\/div>\n<p><a class=\"button featured-links\" href=\"businessschool.luiss.it\/osservatorio-ethos\/wp-content\/uploads\/sites\/116\/2019\/10\/2019_10_30_Corriere_della_sera_Maffettone_Ethos.pdf\">LEGGI L&#8217;ARTICOLO&nbsp;&nbsp;<\/a><\/p>\n<div class=\"fxr-between-center\">\n<hr>\n<h3>Il filosofo Maffettone sculaccia Salvini e Di Maio<\/h3>\n<p><em>Cesare Lanza, L&#8217;altravoce dell&#8217;Italia, 22 ottobre 2019<\/em><\/p>\n<p>Sefastiano Maffettone \u00e8 un apprezzatissimo filosofo. Alcune sue recenti esternazioni hanno fatto scalpore.<\/p>\n<p><a class=\"button featured-links\" href=\"https:\/\/businessschool.luiss.it\/osservatorio-ethos\/wp-content\/uploads\/sites\/116\/2019\/10\/2019_10_22_Maffettone_LAltraVoce.pdf\" target=\"_blank\" rel=\"noopener\">LEGGI L&#8217;ARTICOLO<\/a><\/p>\n<hr>\n<h3>Il pensiero politico del XX secolo nell\u2019epoca dei grandi cambiamenti<\/h3>\n<p><em>Tancredi Re, Economia Italiana, 21&nbsp;ottobre 2019<\/em><\/p>\n<p>Quali sono i maggiori protagonisti e le principali teorie della filosofia politica contemporanea? E in che modo ci aiutano a comprendere un presente in continuo e rapido mutamento?&nbsp;Sebastiano Maffettone, nel libro&nbsp;Politica ci prende per mano e ci guida alla comprensione del pensiero politico del Ventesimo secolo espresso da alcuni grandi filosofi.<\/p>\n<p><a class=\"button featured-links\" href=\"http:\/\/economiaitaliana.it\/it\/articolo.php\/Il-pensiero-politico-del-XX-secolo-nella-epoca-dei-grandi-cambiamenti-?LT=CULT&amp;ID=36190\" target=\"_blank\" rel=\"noopener\">LEGGI L&#8217;ARTICOLO<\/a><\/p>\n<\/div>\n<hr>\n<h3>Le insidie della politica ai tempi del globalismo<\/h3>\n<p><em>Alessandro Campi, Il Messaggero, 21<\/em><em> ottobre 2019&nbsp;<\/em><\/p>\n<p>Nell&#8217;epoca della semplificazione-banalizzazione d&#8217;ogni parola o concetto ad uso del popolo e della lotta politica ridotta a scontro tra personalit\u00e0 a colpi d&#8217;insulti o, nella migliore delle ipotesi, a rappresentazione spettacolare da seguire comodamente a casa, un libro di oltre seicento pagine intitolato semplicemente <em>Politica<\/em>.<\/p>\n<p><a class=\"button featured-links\" href=\"https:\/\/businessschool.luiss.it\/osservatorio-ethos\/wp-content\/uploads\/sites\/116\/2019\/10\/2019_10_21_maffettone_politica_messaggero.pdf\">LEGGI L&#8217;ARTICOLO&nbsp;<\/a><\/p>\n<hr>\n<h3 class=\"headline__title\">Sebastiano Maffettone: &#8220;M5s governando \u00e8 diventato \u00e9lite. Salvini? \u00c8 stato una minaccia per la democrazia&#8221;<\/h3>\n<p><em><span class=\"author-card__details__name\">Nicola Mirenzi, Huffington Post, 20 ottobre 2019&nbsp;<\/span><\/em><\/p>\n<div class=\"headline\">\n<p class=\"headline__subtitle\">Intervista HuffPost al filosofo della politica: &#8220;Nessuno ha una ricetta facile sui migranti ma bloccare le navi non risolve il problema&#8221;<\/p>\n<p><a class=\"button featured-links\" href=\"https:\/\/www.huffingtonpost.it\/entry\/sebastiano-maffettone-m5s-governando-e-diventato-elite-salvini-e-stato-una-minaccia-per-la-democrazia_it_5dac2d1ee4b08cfcc31cec2c\" target=\"_blank\" rel=\"noopener\">LEGGI L&#8217;ARTICOLO&nbsp;<\/a><\/p>\n<\/div>\n<div>\n<hr><\/div>\n<\/div>\n<h3>&nbsp;Luiss Business School: osservatorio sull&#8217;etica pubblica diretto da Maffettone<\/h3>\n<p><em>Prima Comunicazione, 17 ottobre 2019&nbsp;<\/em><\/p>\n<p>\u00c8 ai nastri di partenza Ethos Luiss Business School, osservatorio sull&#8217;etica pubblica diretto da Sebastiano Maffettone, che ha come obiettivo quello di mettere sotto osservazione le grandi questioni della societ\u00e0 in una prospettiva etica.<\/p>\n<p><a class=\"button featured-links\" href=\"https:\/\/businessschool.luiss.it\/osservatorio-ethos\/wp-content\/uploads\/sites\/116\/2019\/10\/2019_10_17_maffettone_ethos.pdf\" target=\"_blank\" rel=\"noopener\">LEGGI L&#8217;ARTICOLO<\/a><\/p>\n<hr>\n<h3>&#8220;Dopo di noi&#8221;, grazie Corriere e prof Maffettone<\/h3>\n<p><em>Roberta Calbi, Corriere del mezzogiorno, 14 ottobre 2019&nbsp;<\/em><\/p>\n<p>Grazie, professor Maffettone, per aver centrato la questione dei disabili oggi in Italia.<\/p>\n<p><a class=\"button featured-links\" href=\"https:\/\/businessschool.luiss.it\/osservatorio-ethos\/wp-content\/uploads\/sites\/116\/2019\/10\/maffettone.png\">LEGGI L&#8217;ARTICOLO&nbsp;<\/a><\/p>\n<hr>\n<h3>Diritti civili, il ruolo del &#8220;Corriere&#8221;<\/h3>\n<p><em>Sebastiano Maffettone, Corriere del mezzogiorno, 10 ottobre 2019&nbsp;<\/em><\/p>\n<p>La lunga e laboriosa vicenda del &#8220;Dopo di noi&#8221; che ha visto protagoniste trenta famiglie napoletane, si \u00e8 finalmente conclusa. Il &#8220;Dopo di noi&#8221; riguarda il destino dei figli disabili dopo che i genitori sono morti.<\/p>\n<p><a class=\"button featured-links\" href=\"https:\/\/businessschool.luiss.it\/osservatorio-ethos\/wp-content\/uploads\/sites\/116\/2019\/10\/2019_10_09_maffettone_ethos.pdf\">LEGGI L&#8217;ARTICOLO&nbsp;<\/a><\/p>\n<hr>\n<h3>Il calcio metafora di vita<\/h3>\n<p><em>Sebastiano Maffettone, Corriere del mezzogiorno, 4 ottobre 2019&nbsp;<\/em><\/p>\n<p>Pare che un tempo all&#8217;imperatore della Cina non si potessero dare cattive notizie senza addolcirle.<\/p>\n<p><a class=\"button featured-links\" href=\"https:\/\/businessschool.luiss.it\/wp-content\/uploads\/2019\/10\/2019_10_04_ethos_maffettone_luiss.pdf\">LEGGI L&#8217;ARTICOLO<\/a><\/p>\n<hr>\n<h3 class=\"title-art is-large is-line-h-130\">Un think tank (apolitico) per l\u2019etica pubblica<\/h3>\n<p><em>Sebastiano Maffettone, Corriere della sera, 1 ottobre 2019&nbsp;<\/em><\/p>\n<p>\u00abMolte cose ho letto, poche ne ho vissute\u00bb. Lo ha scritto Jorge Luis Borges,&nbsp;ma pu\u00f2 valere per molti di quelli che \u2013 come il sottoscritto \u2013 fanno di mestiere i professori. Il lancio di \u00abEthos\u00bb \u2013 oggi presso Villa Blanc a Roma, sede della Business School della Luiss su cui poggia Ethos \u2013 intende innanzitutto andare in senso contrario a questo tipo di chiusura della cultura accademica al mondo. Ethos \u00e8 un centro di ricerca e progettazione in etica pubblica da me fondato con l\u2019aiuto di numerosi amici e colleghi, e il supporto convinto della mia Universit\u00e0, la Luiss.<\/p>\n<p><a class=\"button featured-links\" href=\"https:\/\/www.corriere.it\/opinioni\/19_settembre_30\/think-tank-apoliticoper-l-etica-pubblica-1a37595e-e3a0-11e9-8ead-3e29b17af838.shtml\">LEGGI L&#8217;ARTICOLO<\/a><\/p>\n<hr>\n<h3>Se la democrazia delude la promessa di benessere<\/h3>\n<p><em>Sebastiano Maffettone, Il Sole 24 Ore, 29 settembre 2019<\/em><\/p>\n<p>La democrazia stabile della tradizione \u00e8 cresciuta parallelamente a una promessa di ascesa sociale ed economica per i cittadini. Perlomeno dal 2008, e proprio nei Paesi occidentali, questa promessa non \u00e8 pi\u00f9 realistica.<\/p>\n<p><a class=\"button featured-links\" href=\"https:\/\/businessschool.luiss.it\/wp-content\/uploads\/2019\/09\/2019_09_30_Recensioni_maffettone.pdf\">LEGGI L&#8217;ARTICOLO<\/a><\/p>\n<hr>\n<h3>Una globalizzazione che alimenta disagio.&nbsp;Il tema dell&#8217;identit\u00e0 non \u00e8 il solo nella crisi della democrazia<\/h3>\n<p><em>Sebastiano Maffettone, Il Sole 24 Ore, 5 maggio 2019&nbsp;&nbsp;<\/em><\/p>\n<p>La politica dell&#8217;identit\u00e0 ha influenzato la discussione pubblica in maniera sostanziale dal 1970 in poi. In questi anni, ha stato la stura a movimenti politici di grande impatto [&#8230;]. Tutti questi movimenti traggono spunto da identit\u00e0 di gruppo che hanno subito ingiustizie dovute alla loro appartenenza di origine da parte della cultura dominante.<\/p>\n<p><a class=\"button featured-links\" href=\"https:\/\/businessschool.luiss.it\/wp-content\/uploads\/2019\/09\/id-Fukuyama-sole.pdf\">LEGGI L&#8217;ARTICOLO&nbsp;<\/a><\/p>\n<hr>\n<h3>Lotta di classe e senso di appartenenza<\/h3>\n<p><em>Sebastiano Maffettone, Formiche, 1 aprile 2019&nbsp;<\/em><\/p>\n<p>La recessione economica del 2007-2008 ha generato una situazione molto complessa, con il crollo della classe media: pochi ricchissimi, molti sfortunati.<\/p>\n<p><a class=\"button featured-links\" href=\"https:\/\/businessschool.luiss.it\/osservatorio-ethos\/wp-content\/uploads\/sites\/116\/2019\/10\/2019_04_01_Maffettone_formiche.pdf\" target=\"_blank\" rel=\"noopener\">LEGGI L&#8217;ARTICOLO<\/a><\/p>\n<hr>\n<h3>L&#8217;alleanza innaturale e il Reddito che non paga<\/h3>\n<p><em>Sebastiano Maffettone, Il Messaggero, 26&nbsp; marzo 2019&nbsp;&nbsp;<\/em><\/p>\n<p>Contare i voti \u00e8 assai pi\u00f9 facile di quanto non sia prevedere il futuro dalle viscere degli anali. Lascia meno dubbi di natura interpretative.<\/p>\n<p><a class=\"button featured-links\" href=\"https:\/\/businessschool.luiss.it\/wp-content\/uploads\/2019\/09\/basilicata.messaggero.pdf\">LEGGI L&#8217;ARTICOLO<\/a><\/p>\n<hr>\n<h3>Addio a David Held, celebri le sue analisi sul rapporto globalizzazione-autonomia<\/h3>\n<p><em>Sebastiano Maffettone, Il Messaggero, 4 marzo 2019&nbsp;<\/em><\/p>\n<p>David Held \u00e8 stato &#8211; fino a ieri &#8211; uno dei pi\u00f9 grandi politologi viventi, probabilmente il pi\u00f9 illustre studioso della globalizzazione, sicuramente diverse volte il pi\u00f9 citato autore della Gran Bretagna per le scienze sociali.<\/p>\n<p><a class=\"button featured-links\" href=\"https:\/\/businessschool.luiss.it\/wp-content\/uploads\/2019\/09\/04-03-2019.pdf\">LEGGI L&#8217;ARTICOLO&nbsp;<\/a><\/p>\n<hr>\n<h3>Che cosa non sta facendo Harvard<\/h3>\n<p><em>Sebastiano Maffettone, Il Sole 24 Ore, 3 febbraio 2019&nbsp;<\/em><\/p>\n<p>The New Education \u00e8 &#8211; come si evince dal titolo &#8211; un libro sull&#8217;istruzione e la formazione. Tema questo che dovrebbe essere preso pi\u00f9 sul serio dalla teoria politica e dalla politica tout court.<\/p>\n<p><a class=\"button featured-links\" href=\"https:\/\/businessschool.luiss.it\/wp-content\/uploads\/2019\/09\/03-02-2019.pdf\">LEGGI L&#8217;ARTICOLO&nbsp;<\/a><\/p>\n<hr>\n<h3>Il declino dell&#8217;Europa figlio della crisi dei partiti<\/h3>\n<p><em>Sebastiano Maffettone, Il Messaggero, 3 dicembre 2018&nbsp;<\/em><\/p>\n<p>Due fatti sono sotto gli occhi di tutti in questi giorni in Europa. Il primo \u00e8 l&#8217;indebolimento progressivo, se non addirittuRa il crollo, dei partiti politici tradizionali.<\/p>\n<p><a class=\"button featured-links\" href=\"https:\/\/businessschool.luiss.it\/wp-content\/uploads\/2019\/09\/03-12-2018.pdf\">LEGGI L&#8217;ARTICOLO<\/a><\/p>\n<hr>\n<h3>Quante bugie dietro le identit\u00e0<\/h3>\n<p><em>Sebastiano Maffettone, Il Sole 24 Ore, 2 dicembre 2018&nbsp;<\/em><\/p>\n<p>Kwame Anthony Appiah \u00e8 un personaggio sui generis nell&#8217;ambito della filosofia politica internazionale.<\/p>\n<p><a class=\"button featured-links\" href=\"https:\/\/businessschool.luiss.it\/wp-content\/uploads\/2019\/09\/02-12-2018.pdf\">LEGGI L&#8217;ARTICOLO<\/a><\/p>\n<hr>\n<h3>Cercando il punto d&#8217;incontro tra buddismo e zen<\/h3>\n<p><em>Sebastiano Maffettone, Il Sole 24 Ore, 17 giugno 2018&nbsp;<\/em><\/p>\n<p>Pu\u00f2 sembrare strano con un nome improbabile come il suo, ma Byung-Chul Han \u00e8 un intellettuale trendy del momento.<\/p>\n<p><a class=\"button featured-links\" href=\"https:\/\/businessschool.luiss.it\/wp-content\/uploads\/2019\/09\/17-06-2018.pdf\">LEGGI L&#8217;ARTICOLO<\/a><\/p>\n<hr>\n<h3>Egualitari? No, meglio uguali<\/h3>\n<p><em>Sebastiano Maffettone, Il Sole 24 Ore, 20 maggio 2018&nbsp;<\/em><\/p>\n<p>Thomas Scanlon, professore emerito a Harvard, \u00e8 forse il pi\u00f9 autorevole filosofo politico oggi in attivit\u00e0.<\/p>\n<p><a class=\"button featured-links\" href=\"https:\/\/businessschool.luiss.it\/wp-content\/uploads\/2019\/09\/20-05-18.pdf\">LEGGI L&#8217;ARTICOLO<\/a><\/p>\n<hr>\n<h3>Liberalismo, vittoria di Pirro<\/h3>\n<p><em>Sebastiano Maffettone, Il Sole 24 Ore, 6 maggio 2018&nbsp;<\/em><\/p>\n<p>Oramai non passa settimana in cui non esca un libro sulla crisi di liberalismo e democrazia. In questa serie &#8211;&nbsp; che si certo raccoglie umori e emozioni del presente &#8211; si inserisce a pieno titolo Why Liberalism Failed.<\/p>\n<p><a class=\"button featured-links\" href=\"https:\/\/businessschool.luiss.it\/wp-content\/uploads\/2019\/09\/06-05-2018.pdf\">LEGGI L&#8217;ARTICOLO&nbsp;<\/a><\/p>\n<hr>\n<h3>Il nodo tra politica ed economia<\/h3>\n<p><em>Sebastiano Maffettone, Il Sole 24 Ore, 29 aprile 2018&nbsp;<\/em><\/p>\n<p>La teoria del valore-lavoro non regge l&#8217;urto del tempo, diversamente dall&#8217;influenza dei capitalisti sulla democrazia in maniera lecita o illecita.<\/p>\n<p><a class=\"button featured-links\" href=\"https:\/\/businessschool.luiss.it\/wp-content\/uploads\/2019\/09\/29-04-2018.pdf\">LEGGI L&#8217;ARTICOLO<\/a><\/p>\n<hr>\n<h3>Sartori, scienza ed evidenza<\/h3>\n<p><em>Sebastiano Maffettone, Il Sole 24 Ore, 15 aprile 2018&nbsp;<\/em><\/p>\n<p>Ci sono articoli che spiace scrivere, ma che \u00e8 giusto scrivere. Primi tra questi, quelli che ricordano la morte di una persona che conosci e stimi.<\/p>\n<p><a class=\"button featured-links\" href=\"https:\/\/businessschool.luiss.it\/wp-content\/uploads\/2019\/09\/15-04-2018.pdf\">LEGGI L&#8217;ARTICOLO<\/a><\/p>\n<hr>\n<h3>Ragazzi, studiate humanities!<\/h3>\n<p><em>Sebastiano Maffettone, Il Sole 24 Ore, 18 marzo 2018&nbsp;<\/em><\/p>\n<p>Il titolo di questo libro, <em>The Fuzzy and the Techie<\/em>, \u00e8 ripreso dall&#8217;autore Scott Harley dal gergo dell&#8217;Univerist\u00e0 di Stanford di cui \u00e8 stato studente.<\/p>\n<p><a class=\"button featured-links\" href=\"https:\/\/businessschool.luiss.it\/wp-content\/uploads\/2019\/09\/18-03-2018.pdf\">LEGGI L&#8217;ARTICOLO<\/a><\/p>\n<hr>\n<h3>L&#8217;unit\u00e0 geopolitica degli arabi<\/h3>\n<p><em>Sebastiano Maffettone, Il Sole 24 Ore, 18 febbraio 2018&nbsp;<\/em><\/p>\n<p><em>Islam, State and Modernity<\/em> \u00e8 un libro utile e intelligente curato a sei mandi da Eyadat (Amman), Corrato e Hashas (Luiss) e frutto della collaborazione tra le Universit\u00e0 di Amman e la Luiss con la cooperazione dell&#8217;Ambasciata del Marocco.<\/p>\n<p><a class=\"button featured-links\" href=\"https:\/\/businessschool.luiss.it\/wp-content\/uploads\/2019\/09\/18-02-2018.pdf\">LEGGI L&#8217;ARTICOLO&nbsp;<\/a><\/p>\n<hr>\n<h3>Segni di vita dai network internazionali<\/h3>\n<p><em>Sebastiano Maffettone, Il Sole 24 Ore, 5 novembre 2017&nbsp;<\/em><\/p>\n<p><em>Beyond Gridlock<\/em>, curato da quello che forse \u00e8 il pi\u00f9 noto studioso di globalizzazione del mondo, David Held (Universit\u00e0 di Dutirham), e da Thomas Hale (Universit\u00e0 di Oxford), \u00e8 un libro a pi\u00f9 voci che rivede e corregge il precedente Gridlock: <em>Why Global Cooperation Is Failing When We Need It<\/em> degli stessi Hale e Held (con Young, 2013).<\/p>\n<p><a class=\"button featured-links\" href=\"https:\/\/businessschool.luiss.it\/wp-content\/uploads\/2019\/09\/05-11-2017.pdf\">LEGGI L&#8217;ARTICOLO<\/a><\/p>\n<hr>\n<h3>La catena dietro il bitcoin<\/h3>\n<p><em>Sebastiano Maffettone, Il Sole 24 Ore, 28 maggio 2017<\/em><\/p>\n<p>I Tapscott, padre e figlio, operano a Toronto e sono due pratici de web con un robusto interesse intellettuale. Questo loro volume dedicato a Blockchain hai due pregi notevoli.<\/p>\n<p><a class=\"button featured-links\" href=\"https:\/\/businessschool.luiss.it\/wp-content\/uploads\/2019\/09\/05-11-2017.pdf\">LEGGI L&#8217;ARTICOLO<\/a><\/p>\n<hr>\n<h3>Buddismo, gentilezza e democrazia<\/h3>\n<p><em>Sebastiano Maffettone, Il Sole 24 Ore, 16 aprile 2017&nbsp;<\/em><\/p>\n<p>Per buddismo si intende di solito una religione e una pratica di vita. In un convegno di raro interesse intellettuale e scientifico tenutosi a fine marzo presso il Dipartimento di Sanscrito con alla collaborazione di quello di Filosofia dell&#8217;Universit\u00e0 di Mumbai, si \u00e8 discusso invece di buddismo in chiave politica.<\/p>\n<p><a class=\"button featured-links\" href=\"https:\/\/businessschool.luiss.it\/wp-content\/uploads\/2019\/09\/16-04-2017.pdf\">LEGGI L&#8217;ARTICOLO<\/a><\/p>\n<hr>\n<h3>Hegel, passione indiana<\/h3>\n<p><em>Sebastiano Maffettone, Il Sole 24 Ore, 2 aprile 2017&nbsp;<\/em><\/p>\n<p>L&#8217;uscita recentissima per Oxford Univerisity Press di un volume che, per la prima volta raccoglie tutti gli scritti di Hegel sull&#8217;India rappresenta senza dubbio un evento culturale e filosofico di non poco conto<\/p>\n<p><a class=\"button featured-links\" href=\"https:\/\/businessschool.luiss.it\/wp-content\/uploads\/2019\/09\/02-04-2017.pdf\">LEGGI L&#8217;ARTICOLO&nbsp;&nbsp;<\/a><\/p>","protected":false},"excerpt":{"rendered":"<p>Il meridione dal cafone al digitale Sebastiano Maffettone, Corriere del Mezzogiorno, 18 Giugno 2021 La letteratura del Mezzogiorno fa comprendere [&hellip;]<\/p>\n","protected":false},"author":1,"featured_media":0,"parent":0,"menu_order":0,"comment_status":"closed","ping_status":"closed","template":"","meta":{"_acf_changed":false,"footnotes":""},"categories":[],"tags":[],"docenti_teaching_area":[],"docenti_research_area":[],"tematiche":[],"lingue":[],"lunghezza_corsi":[],"class_list":["post-90","page","type-page","status-publish","hentry"],"acf":[],"aioseo_notices":[],"_links":{"self":[{"href":"https:\/\/businessschool.luiss.it\/osservatorio-ethos\/wp-json\/wp\/v2\/pages\/90","targetHints":{"allow":["GET"]}}],"collection":[{"href":"https:\/\/businessschool.luiss.it\/osservatorio-ethos\/wp-json\/wp\/v2\/pages"}],"about":[{"href":"https:\/\/businessschool.luiss.it\/osservatorio-ethos\/wp-json\/wp\/v2\/types\/page"}],"author":[{"embeddable":true,"href":"https:\/\/businessschool.luiss.it\/osservatorio-ethos\/wp-json\/wp\/v2\/users\/1"}],"replies":[{"embeddable":true,"href":"https:\/\/businessschool.luiss.it\/osservatorio-ethos\/wp-json\/wp\/v2\/comments?post=90"}],"version-history":[{"count":5,"href":"https:\/\/businessschool.luiss.it\/osservatorio-ethos\/wp-json\/wp\/v2\/pages\/90\/revisions"}],"predecessor-version":[{"id":596,"href":"https:\/\/businessschool.luiss.it\/osservatorio-ethos\/wp-json\/wp\/v2\/pages\/90\/revisions\/596"}],"wp:attachment":[{"href":"https:\/\/businessschool.luiss.it\/osservatorio-ethos\/wp-json\/wp\/v2\/media?parent=90"}],"wp:term":[{"taxonomy":"category","embeddable":true,"href":"https:\/\/businessschool.luiss.it\/osservatorio-ethos\/wp-json\/wp\/v2\/categories?post=90"},{"taxonomy":"post_tag","embeddable":true,"href":"https:\/\/businessschool.luiss.it\/osservatorio-ethos\/wp-json\/wp\/v2\/tags?post=90"},{"taxonomy":"docenti_teaching_area","embeddable":true,"href":"https:\/\/businessschool.luiss.it\/osservatorio-ethos\/wp-json\/wp\/v2\/docenti_teaching_area?post=90"},{"taxonomy":"docenti_research_area","embeddable":true,"href":"https:\/\/businessschool.luiss.it\/osservatorio-ethos\/wp-json\/wp\/v2\/docenti_research_area?post=90"},{"taxonomy":"tematiche","embeddable":true,"href":"https:\/\/businessschool.luiss.it\/osservatorio-ethos\/wp-json\/wp\/v2\/tematiche?post=90"},{"taxonomy":"lingue","embeddable":true,"href":"https:\/\/businessschool.luiss.it\/osservatorio-ethos\/wp-json\/wp\/v2\/lingue?post=90"},{"taxonomy":"lunghezza_corsi","embeddable":true,"href":"https:\/\/businessschool.luiss.it\/osservatorio-ethos\/wp-json\/wp\/v2\/lunghezza_corsi?post=90"}],"curies":[{"name":"wp","href":"https:\/\/api.w.org\/{rel}","templated":true}]}}